{"id":1597,"date":"2021-08-03T16:30:25","date_gmt":"2021-08-03T14:30:25","guid":{"rendered":"https:\/\/www.associazionesara.it\/?page_id=1597"},"modified":"2023-10-16T18:42:46","modified_gmt":"2023-10-16T16:42:46","slug":"asso","status":"publish","type":"page","link":"https:\/\/www.associazionesara.it\/index.php\/asso\/","title":{"rendered":"Asso"},"content":{"rendered":"\t\t<div data-elementor-type=\"wp-page\" data-elementor-id=\"1597\" class=\"elementor elementor-1597\">\n\t\t\t\t\t\t<section class=\"elementor-section elementor-top-section elementor-element elementor-element-7ed11c3 elementor-section-boxed elementor-section-height-default elementor-section-height-default\" data-id=\"7ed11c3\" data-element_type=\"section\">\n\t\t\t\t\t\t<div class=\"elementor-container elementor-column-gap-default\">\n\t\t\t\t\t<div class=\"elementor-column elementor-col-100 elementor-top-column elementor-element elementor-element-63c0dd5\" data-id=\"63c0dd5\" data-element_type=\"column\">\n\t\t\t<div class=\"elementor-widget-wrap elementor-element-populated\">\n\t\t\t\t\t\t<div class=\"elementor-element elementor-element-eab93de elementor-widget elementor-widget-heading\" data-id=\"eab93de\" data-element_type=\"widget\" data-widget_type=\"heading.default\">\n\t\t\t\t<div class=\"elementor-widget-container\">\n\t\t\t<h2 class=\"elementor-heading-title elementor-size-default\">Asso<\/h2>\t\t<\/div>\n\t\t\t\t<\/div>\n\t\t\t\t<div class=\"elementor-element elementor-element-d09b44e elementor-widget elementor-widget-heading\" data-id=\"d09b44e\" data-element_type=\"widget\" data-widget_type=\"heading.default\">\n\t\t\t\t<div class=\"elementor-widget-container\">\n\t\t\t<h2 class=\"elementor-heading-title elementor-size-default\">Azioni di Sviluppo Sostenibile<\/h2>\t\t<\/div>\n\t\t\t\t<\/div>\n\t\t\t\t<div class=\"elementor-element elementor-element-99d9f1e elementor-widget elementor-widget-spacer\" data-id=\"99d9f1e\" data-element_type=\"widget\" data-widget_type=\"spacer.default\">\n\t\t\t\t<div class=\"elementor-widget-container\">\n\t\t\t\t\t<div class=\"elementor-spacer\">\n\t\t\t<div class=\"elementor-spacer-inner\"><\/div>\n\t\t<\/div>\n\t\t\t\t<\/div>\n\t\t\t\t<\/div>\n\t\t\t\t<div class=\"elementor-element elementor-element-6c06bb7 elementor-widget elementor-widget-image\" data-id=\"6c06bb7\" data-element_type=\"widget\" data-widget_type=\"image.default\">\n\t\t\t\t<div class=\"elementor-widget-container\">\n\t\t\t\t\t\t\t\t\t\t\t\t\t<img decoding=\"async\" src=\"https:\/\/www.associazionesara.it\/wp-content\/uploads\/2021\/08\/332px-Seme_bastoni_carte_napoletane.svg_.png\" title=\"\" alt=\"\" loading=\"lazy\" \/>\t\t\t\t\t\t\t\t\t\t\t\t\t<\/div>\n\t\t\t\t<\/div>\n\t\t\t\t<section class=\"elementor-section elementor-inner-section elementor-element elementor-element-85a079a elementor-section-boxed elementor-section-height-default elementor-section-height-default\" data-id=\"85a079a\" data-element_type=\"section\">\n\t\t\t\t\t\t<div class=\"elementor-container elementor-column-gap-narrow\">\n\t\t\t\t\t<div class=\"elementor-column elementor-col-50 elementor-inner-column elementor-element elementor-element-aae51be\" data-id=\"aae51be\" data-element_type=\"column\">\n\t\t\t<div class=\"elementor-widget-wrap elementor-element-populated\">\n\t\t\t\t\t\t<div class=\"elementor-element elementor-element-b374f8c elementor-invisible elementor-widget elementor-widget-heading\" data-id=\"b374f8c\" data-element_type=\"widget\" data-settings=\"{&quot;_animation&quot;:&quot;slideInLeft&quot;}\" data-widget_type=\"heading.default\">\n\t\t\t\t<div class=\"elementor-widget-container\">\n\t\t\t<h2 class=\"elementor-heading-title elementor-size-default\">Progetto Sostenuto dal<\/h2>\t\t<\/div>\n\t\t\t\t<\/div>\n\t\t\t\t\t<\/div>\n\t\t<\/div>\n\t\t\t\t<div class=\"elementor-column elementor-col-50 elementor-inner-column elementor-element elementor-element-7f8ea4a\" data-id=\"7f8ea4a\" data-element_type=\"column\">\n\t\t\t<div class=\"elementor-widget-wrap elementor-element-populated\">\n\t\t\t\t\t\t<div class=\"elementor-element elementor-element-5686e36 elementor-invisible elementor-widget elementor-widget-image\" data-id=\"5686e36\" data-element_type=\"widget\" data-settings=\"{&quot;_animation&quot;:&quot;slideInRight&quot;}\" data-widget_type=\"image.default\">\n\t\t\t\t<div class=\"elementor-widget-container\">\n\t\t\t\t\t\t\t\t\t\t\t\t\t<img decoding=\"async\" width=\"300\" height=\"80\" src=\"https:\/\/www.associazionesara.it\/wp-content\/uploads\/2021\/08\/mlps-300x80.png\" class=\"attachment-medium size-medium wp-image-1601\" alt=\"\" srcset=\"https:\/\/www.associazionesara.it\/wp-content\/uploads\/2021\/08\/mlps-300x80.png 300w, https:\/\/www.associazionesara.it\/wp-content\/uploads\/2021\/08\/mlps-1024x273.png 1024w, https:\/\/www.associazionesara.it\/wp-content\/uploads\/2021\/08\/mlps-768x205.png 768w, https:\/\/www.associazionesara.it\/wp-content\/uploads\/2021\/08\/mlps-1536x409.png 1536w, https:\/\/www.associazionesara.it\/wp-content\/uploads\/2021\/08\/mlps-766x203.png 766w, https:\/\/www.associazionesara.it\/wp-content\/uploads\/2021\/08\/mlps-560x149.png 560w, https:\/\/www.associazionesara.it\/wp-content\/uploads\/2021\/08\/mlps-600x160.png 600w, https:\/\/www.associazionesara.it\/wp-content\/uploads\/2021\/08\/mlps-400x107.png 400w, https:\/\/www.associazionesara.it\/wp-content\/uploads\/2021\/08\/mlps-900x240.png 900w, https:\/\/www.associazionesara.it\/wp-content\/uploads\/2021\/08\/mlps-1126x300.png 1126w, https:\/\/www.associazionesara.it\/wp-content\/uploads\/2021\/08\/mlps.png 1772w\" sizes=\"(max-width: 300px) 100vw, 300px\" \/>\t\t\t\t\t\t\t\t\t\t\t\t\t<\/div>\n\t\t\t\t<\/div>\n\t\t\t\t\t<\/div>\n\t\t<\/div>\n\t\t\t\t\t<\/div>\n\t\t<\/section>\n\t\t\t\t<div class=\"elementor-element elementor-element-68567c0 elementor-view-default elementor-position-top elementor-mobile-position-top elementor-invisible elementor-widget elementor-widget-icon-box\" data-id=\"68567c0\" data-element_type=\"widget\" data-settings=\"{&quot;_animation&quot;:&quot;bounceIn&quot;}\" data-widget_type=\"icon-box.default\">\n\t\t\t\t<div class=\"elementor-widget-container\">\n\t\t\t\t\t<div class=\"elementor-icon-box-wrapper\">\n\t\t\t\t\t\t<div class=\"elementor-icon-box-icon\">\n\t\t\t\t<span  class=\"elementor-icon elementor-animation-\">\n\t\t\t\t<i aria-hidden=\"true\" class=\"far fa-bookmark\"><\/i>\t\t\t\t<\/span>\n\t\t\t<\/div>\n\t\t\t\t\t\t<div class=\"elementor-icon-box-content\">\n\t\t\t\t<h3 class=\"elementor-icon-box-title\">\n\t\t\t\t\t<span  >\n\t\t\t\t\t\tIl Progetto\t\t\t\t\t<\/span>\n\t\t\t\t<\/h3>\n\t\t\t\t\t\t\t\t\t<p class=\"elementor-icon-box-description\">\n\t\t\t\t\t\t \t\t\t\t\t<\/p>\n\t\t\t\t\t\t\t<\/div>\n\t\t<\/div>\n\t\t\t\t<\/div>\n\t\t\t\t<\/div>\n\t\t\t\t<div class=\"elementor-element elementor-element-b82c505 elementor-widget elementor-widget-text-editor\" data-id=\"b82c505\" data-element_type=\"widget\" data-widget_type=\"text-editor.default\">\n\t\t\t\t<div class=\"elementor-widget-container\">\n\t\t\t\t\t\t\t<p>Il progetto ASSO incide sostanzialmente nel settore della produzione e della somministrazione\u00a0<span style=\"letter-spacing: 0em;\">agroalimentare che, mantenendo fede alle stime nazionali prodotte da Forbes, pur nell\u2019incertezza determinata dalla pandemia in atto, stima un incremento di circa 4.5 punti percentuali del settore economico in esame. Si tratta di lavorare sull\u2019acquisizione di competenze di base a beneficio di ragazzi con bisogni speciali che si traducono in corsi di formazione che li aiuteranno a sviluppare nuove competenze legate ad un settore potenzialmente in crescita. ASSO determina una crescita professionale che incide anche all\u2019interno del contesto locale, sia in considerazione dell\u2019evento occupazione dei ragazzi disabili, sia, in termini indiretti, offrendo alla comunit\u00e0 una nuova visone del concetto di inclusione e di partecipazione al mondo del terzo settore in generale. In questo modo si persegue anche l\u2019obiettivo di incrementare la dimensione associativa dell\u2019Associazione proponente il progetto.\u00a0<\/span><\/p>\t\t\t\t\t\t<\/div>\n\t\t\t\t<\/div>\n\t\t\t\t<div class=\"elementor-element elementor-element-0daaeaa elementor-widget elementor-widget-spacer\" data-id=\"0daaeaa\" data-element_type=\"widget\" data-widget_type=\"spacer.default\">\n\t\t\t\t<div class=\"elementor-widget-container\">\n\t\t\t\t\t<div class=\"elementor-spacer\">\n\t\t\t<div class=\"elementor-spacer-inner\"><\/div>\n\t\t<\/div>\n\t\t\t\t<\/div>\n\t\t\t\t<\/div>\n\t\t\t\t<div class=\"elementor-element elementor-element-4dae0e5 elementor-view-default elementor-position-top elementor-mobile-position-top elementor-invisible elementor-widget elementor-widget-icon-box\" data-id=\"4dae0e5\" data-element_type=\"widget\" data-settings=\"{&quot;_animation&quot;:&quot;bounceIn&quot;}\" data-widget_type=\"icon-box.default\">\n\t\t\t\t<div class=\"elementor-widget-container\">\n\t\t\t\t\t<div class=\"elementor-icon-box-wrapper\">\n\t\t\t\t\t\t<div class=\"elementor-icon-box-icon\">\n\t\t\t\t<span  class=\"elementor-icon elementor-animation-\">\n\t\t\t\t<i aria-hidden=\"true\" class=\"fas fa-archway\"><\/i>\t\t\t\t<\/span>\n\t\t\t<\/div>\n\t\t\t\t\t\t<div class=\"elementor-icon-box-content\">\n\t\t\t\t<h3 class=\"elementor-icon-box-title\">\n\t\t\t\t\t<span  >\n\t\t\t\t\t\tPercorsi Formativi\t\t\t\t\t<\/span>\n\t\t\t\t<\/h3>\n\t\t\t\t\t\t\t\t\t<p class=\"elementor-icon-box-description\">\n\t\t\t\t\t\t \t\t\t\t\t<\/p>\n\t\t\t\t\t\t\t<\/div>\n\t\t<\/div>\n\t\t\t\t<\/div>\n\t\t\t\t<\/div>\n\t\t\t\t<div class=\"elementor-element elementor-element-ee0ef12 elementor-widget elementor-widget-text-editor\" data-id=\"ee0ef12\" data-element_type=\"widget\" data-widget_type=\"text-editor.default\">\n\t\t\t\t<div class=\"elementor-widget-container\">\n\t\t\t\t\t\t\t<p>L&#8217; attivit\u00e0 prevede la realizzazione di due percorsi formativi: operatore agricolo e operatore di sala e bar che avranno ciascuno una durata di 160 ore per un totale di 320 ore. I suddetti percorsi saranno fruibili tutti i giorni (dal Luned\u00ec al Venerd\u00ec) e saranno rivolti a giovani con disabilit\u00e0 cognitiva o che vivono una condizione di svantaggio socio-economico di et\u00e0 compresa tra i 16 e i 29 anni. Infatti tali corsi sono concepiti e strutturati sia come luoghi di apprendimento e spazi formativi, sia come una opportunit\u00e0 per i giovani di mettere in gioco le loro capacit\u00e0 e le loro idee, valorizzandone le loro potenzialit\u00e0 e le loro capacit\u00e0. La formazione si focalizzer\u00e0 in due settori specifici che in Campania sono annoverati tra quelli ad alto potenziale di crescita occupazionale quali il turismo, e nello specifico il comparto della ristorazione, e quello agroalimentare.<\/p>\t\t\t\t\t\t<\/div>\n\t\t\t\t<\/div>\n\t\t\t\t<div class=\"elementor-element elementor-element-abd196a elementor-widget elementor-widget-spacer\" data-id=\"abd196a\" data-element_type=\"widget\" data-widget_type=\"spacer.default\">\n\t\t\t\t<div class=\"elementor-widget-container\">\n\t\t\t\t\t<div class=\"elementor-spacer\">\n\t\t\t<div class=\"elementor-spacer-inner\"><\/div>\n\t\t<\/div>\n\t\t\t\t<\/div>\n\t\t\t\t<\/div>\n\t\t\t\t<div class=\"elementor-element elementor-element-ec969a2 elementor-view-default elementor-position-top elementor-mobile-position-top elementor-invisible elementor-widget elementor-widget-icon-box\" data-id=\"ec969a2\" data-element_type=\"widget\" data-settings=\"{&quot;_animation&quot;:&quot;bounceIn&quot;}\" data-widget_type=\"icon-box.default\">\n\t\t\t\t<div class=\"elementor-widget-container\">\n\t\t\t\t\t<div class=\"elementor-icon-box-wrapper\">\n\t\t\t\t\t\t<div class=\"elementor-icon-box-icon\">\n\t\t\t\t<span  class=\"elementor-icon elementor-animation-\">\n\t\t\t\t<i aria-hidden=\"true\" class=\"fas fa-cannabis\"><\/i>\t\t\t\t<\/span>\n\t\t\t<\/div>\n\t\t\t\t\t\t<div class=\"elementor-icon-box-content\">\n\t\t\t\t<h3 class=\"elementor-icon-box-title\">\n\t\t\t\t\t<span  >\n\t\t\t\t\t\toperatore agricolo\t\t\t\t\t<\/span>\n\t\t\t\t<\/h3>\n\t\t\t\t\t\t\t\t\t<p class=\"elementor-icon-box-description\">\n\t\t\t\t\t\t \t\t\t\t\t<\/p>\n\t\t\t\t\t\t\t<\/div>\n\t\t<\/div>\n\t\t\t\t<\/div>\n\t\t\t\t<\/div>\n\t\t\t\t<div class=\"elementor-element elementor-element-0919e36 elementor-widget elementor-widget-text-editor\" data-id=\"0919e36\" data-element_type=\"widget\" data-widget_type=\"text-editor.default\">\n\t\t\t\t<div class=\"elementor-widget-container\">\n\t\t\t\t\t\t\t<p>Il percorso in \u201cOperatore agricolo\u201d intende fornire agli allievi le conoscenze, le competenze e gli strumenti che possano consentire agli stessi di collaborare nella gestione dell\u2019azienda e di svolgere attivit\u00e0 relative alle coltivazioni arboree, alle coltivazioni erbacee, all\u2019orto\/floricoltura, alla idroponica, all\u2019acquaponica, con competenze nello svolgimento delle operazioni fondamentali attinenti alla produzione vegetale, nonch\u00e9 nell\u2019esecuzione di operazioni nella trasformazione di prodotti primari dell\u2019azienda e nella tutela e protezione dell\u2019ambiente naturale. Durante il percorso saranno trattati moduli quali: principali tipologie di terreno, nozioni di culture fuori terra, idroponica e idrocultura, tecniche di intervento per la gestione del terreno (vangatura, fresatura, sarchiatura, etc.), principali tipologie di concimi e fertilizzanti presenti in commercio e relativa normativa per l&#8217;utilizzo degli stessi, fasi e modalit\u00e0 operative per la prima lavorazione dei prodotti agricoli, L\u2019intento \u00e8 di favorire la motivazione all\u2019apprendimento, la valorizzazione delle competenze e il rafforzamento dell\u2019autostima degli allievi per accrescere la loro propensione a superare le difficolt\u00e0 che ogni giorno incontrano. Gli allievi, al termine del suddetto percorso, avranno l\u2019opportunit\u00e0 di acquisire una professionalit\u00e0 che gli permetter\u00e0 di inserirsi nel settore agricolo in maniera competitiva e aggiornata, con un kit di competenze che spaziano dalla gestione degli impianti e macchinari, alla difesa fitosanitaria, alle tecniche di coltivazione, alla conservazione e trasformazione dei prodotti agroalimentari. Il percorso avr\u00e0 una durata di N. 160 ore e sar\u00e0 erogato per 4 ore al giorno dal luned\u00ec al venerd\u00ec sia attraverso attivit\u00e0 d\u2019aula che presso l\u2019azienda agricola ospitante individuata nella sottoazione di networking.<\/p>\t\t\t\t\t\t<\/div>\n\t\t\t\t<\/div>\n\t\t\t\t<div class=\"elementor-element elementor-element-4b6d734 elementor-view-default elementor-position-top elementor-mobile-position-top elementor-invisible elementor-widget elementor-widget-icon-box\" data-id=\"4b6d734\" data-element_type=\"widget\" data-settings=\"{&quot;_animation&quot;:&quot;bounceIn&quot;}\" data-widget_type=\"icon-box.default\">\n\t\t\t\t<div class=\"elementor-widget-container\">\n\t\t\t\t\t<div class=\"elementor-icon-box-wrapper\">\n\t\t\t\t\t\t<div class=\"elementor-icon-box-icon\">\n\t\t\t\t<span  class=\"elementor-icon elementor-animation-\">\n\t\t\t\t<i aria-hidden=\"true\" class=\"fas fa-coffee\"><\/i>\t\t\t\t<\/span>\n\t\t\t<\/div>\n\t\t\t\t\t\t<div class=\"elementor-icon-box-content\">\n\t\t\t\t<h3 class=\"elementor-icon-box-title\">\n\t\t\t\t\t<span  >\n\t\t\t\t\t\toperatore di sala e bar\t\t\t\t\t<\/span>\n\t\t\t\t<\/h3>\n\t\t\t\t\t\t\t\t\t<p class=\"elementor-icon-box-description\">\n\t\t\t\t\t\t \t\t\t\t\t<\/p>\n\t\t\t\t\t\t\t<\/div>\n\t\t<\/div>\n\t\t\t\t<\/div>\n\t\t\t\t<\/div>\n\t\t\t\t<div class=\"elementor-element elementor-element-005a36c elementor-widget elementor-widget-text-editor\" data-id=\"005a36c\" data-element_type=\"widget\" data-widget_type=\"text-editor.default\">\n\t\t\t\t<div class=\"elementor-widget-container\">\n\t\t\t\t\t\t\t<p>Il percorso in \u201cOperatore di sala e di bar\u201d \u00e8 teso a fornire agli allievi le conoscenze professionali, le competenze e gli strumenti relativi al trattamento delle materie prime e dei semilavorati alimentari, alla preparazione di piatti, alla distribuzione di pasti e bevande e alla preparazione e distribuzione di bevande e snack. Durante il percorso verranno affrontati argomenti quali: normativa regionale, nazionale e comunitaria in materia di sistema haccp, procedure di controllo delle fasi di produzione degli alimenti, tipologie di rischio associate alla produzione degli alimenti, componenti di servizio nella sala ristorante e nel bar, tecniche di allestimento della sala e di mise-en place dei tavoli, tipologie di servizio coffee break, buffet, brunch, tecniche e procedure di pulizia e sanificazione di locali ed attrezzature e tecniche di comunicazione e relazione interpersonale, etc. L\u2019obiettivo \u00e8 quello di consentire il rispetto dei tempi di apprendimento di ogni allievo attraverso una progettazione didattica e il ricorso a metodologie di insegnamento adeguati ai bisogni educativi personali.<br \/>In particolare, il percorso \u00e8 volto a garantire lo sviluppo delle autonomie essenziali, fornendo e sviluppando, le conoscenze di base e le competenze professionali legate al suddetto profilo professionale. A conclusione del percorso gli allievi avranno acquisito quelle competenze caratterizzanti e funzionali all&#8217;operativit\u00e0 nell&#8217;ambito del servizio di sala e di bar. Il percorso avr\u00e0 una durata di N. 160 ore e sar\u00e0 erogato per 4 ore al giorno dal luned\u00ec al venerd\u00ec sia attraverso attivit\u00e0 d\u2019aula che presso l\u2019azienda di ristorazione ospitante individuata nella precedente sottoazione di networking.<\/p>\t\t\t\t\t\t<\/div>\n\t\t\t\t<\/div>\n\t\t\t\t<div class=\"elementor-element elementor-element-d734a11 elementor-widget elementor-widget-spacer\" data-id=\"d734a11\" data-element_type=\"widget\" data-widget_type=\"spacer.default\">\n\t\t\t\t<div class=\"elementor-widget-container\">\n\t\t\t\t\t<div class=\"elementor-spacer\">\n\t\t\t<div class=\"elementor-spacer-inner\"><\/div>\n\t\t<\/div>\n\t\t\t\t<\/div>\n\t\t\t\t<\/div>\n\t\t\t\t<div class=\"elementor-element elementor-element-e9d0f2d elementor-widget elementor-widget-heading\" data-id=\"e9d0f2d\" data-element_type=\"widget\" data-widget_type=\"heading.default\">\n\t\t\t\t<div class=\"elementor-widget-container\">\n\t\t\t<h2 class=\"elementor-heading-title elementor-size-default\">Partners<\/h2>\t\t<\/div>\n\t\t\t\t<\/div>\n\t\t\t\t<div class=\"elementor-element elementor-element-c5696e1 elementor-widget elementor-widget-spacer\" data-id=\"c5696e1\" data-element_type=\"widget\" data-widget_type=\"spacer.default\">\n\t\t\t\t<div class=\"elementor-widget-container\">\n\t\t\t\t\t<div class=\"elementor-spacer\">\n\t\t\t<div class=\"elementor-spacer-inner\"><\/div>\n\t\t<\/div>\n\t\t\t\t<\/div>\n\t\t\t\t<\/div>\n\t\t\t\t<section class=\"elementor-section elementor-inner-section elementor-element elementor-element-fc12fd4 elementor-section-boxed elementor-section-height-default elementor-section-height-default\" data-id=\"fc12fd4\" data-element_type=\"section\">\n\t\t\t\t\t\t<div class=\"elementor-container elementor-column-gap-no\">\n\t\t\t\t\t<div class=\"elementor-column elementor-col-50 elementor-inner-column elementor-element elementor-element-51f76eb\" data-id=\"51f76eb\" data-element_type=\"column\">\n\t\t\t<div class=\"elementor-widget-wrap elementor-element-populated\">\n\t\t\t\t\t\t<div class=\"elementor-element elementor-element-09fa7e3 elementor-widget elementor-widget-image\" data-id=\"09fa7e3\" data-element_type=\"widget\" data-widget_type=\"image.default\">\n\t\t\t\t<div class=\"elementor-widget-container\">\n\t\t\t\t\t\t\t\t\t\t\t\t\t<img decoding=\"async\" width=\"150\" height=\"150\" src=\"https:\/\/www.associazionesara.it\/wp-content\/uploads\/2018\/01\/regione_campania-150x150.jpg\" class=\"attachment-thumbnail size-thumbnail wp-image-1226\" alt=\"\" srcset=\"https:\/\/www.associazionesara.it\/wp-content\/uploads\/2018\/01\/regione_campania-150x150.jpg 150w, https:\/\/www.associazionesara.it\/wp-content\/uploads\/2018\/01\/regione_campania-300x300.jpg 300w, https:\/\/www.associazionesara.it\/wp-content\/uploads\/2018\/01\/regione_campania-100x100.jpg 100w, https:\/\/www.associazionesara.it\/wp-content\/uploads\/2018\/01\/regione_campania-460x460.jpg 460w, https:\/\/www.associazionesara.it\/wp-content\/uploads\/2018\/01\/regione_campania-104x104.jpg 104w, https:\/\/www.associazionesara.it\/wp-content\/uploads\/2018\/01\/regione_campania-260x260.jpg 260w, https:\/\/www.associazionesara.it\/wp-content\/uploads\/2018\/01\/regione_campania-78x78.jpg 78w, https:\/\/www.associazionesara.it\/wp-content\/uploads\/2018\/01\/regione_campania-286x286.jpg 286w, https:\/\/www.associazionesara.it\/wp-content\/uploads\/2018\/01\/regione_campania-450x450.jpg 450w\" sizes=\"(max-width: 150px) 100vw, 150px\" \/>\t\t\t\t\t\t\t\t\t\t\t\t\t<\/div>\n\t\t\t\t<\/div>\n\t\t\t\t<div class=\"elementor-element elementor-element-3ab0771 elementor-widget elementor-widget-spacer\" data-id=\"3ab0771\" data-element_type=\"widget\" data-widget_type=\"spacer.default\">\n\t\t\t\t<div class=\"elementor-widget-container\">\n\t\t\t\t\t<div class=\"elementor-spacer\">\n\t\t\t<div class=\"elementor-spacer-inner\"><\/div>\n\t\t<\/div>\n\t\t\t\t<\/div>\n\t\t\t\t<\/div>\n\t\t\t\t\t<\/div>\n\t\t<\/div>\n\t\t\t\t<div class=\"elementor-column elementor-col-50 elementor-inner-column elementor-element elementor-element-4773e7d\" data-id=\"4773e7d\" data-element_type=\"column\">\n\t\t\t<div class=\"elementor-widget-wrap elementor-element-populated\">\n\t\t\t\t\t\t<div class=\"elementor-element elementor-element-ecc3293 elementor-widget elementor-widget-image\" data-id=\"ecc3293\" data-element_type=\"widget\" data-widget_type=\"image.default\">\n\t\t\t\t<div class=\"elementor-widget-container\">\n\t\t\t\t\t\t\t\t\t\t\t\t\t<img decoding=\"async\" width=\"150\" height=\"150\" src=\"https:\/\/www.associazionesara.it\/wp-content\/uploads\/2021\/08\/logo-1-150x150.png\" class=\"attachment-thumbnail size-thumbnail wp-image-1602\" alt=\"\" srcset=\"https:\/\/www.associazionesara.it\/wp-content\/uploads\/2021\/08\/logo-1-150x150.png 150w, https:\/\/www.associazionesara.it\/wp-content\/uploads\/2021\/08\/logo-1-104x104.png 104w, https:\/\/www.associazionesara.it\/wp-content\/uploads\/2021\/08\/logo-1-78x78.png 78w, https:\/\/www.associazionesara.it\/wp-content\/uploads\/2021\/08\/logo-1-100x100.png 100w\" sizes=\"(max-width: 150px) 100vw, 150px\" \/>\t\t\t\t\t\t\t\t\t\t\t\t\t<\/div>\n\t\t\t\t<\/div>\n\t\t\t\t\t<\/div>\n\t\t<\/div>\n\t\t\t\t\t<\/div>\n\t\t<\/section>\n\t\t\t\t\t<\/div>\n\t\t<\/div>\n\t\t\t\t\t<\/div>\n\t\t<\/section>\n\t\t\t\t<\/div>\n\t\t","protected":false},"excerpt":{"rendered":"<p>Asso Azioni di Sviluppo Sostenibile Progetto Sostenuto dal Il Progetto Il progetto ASSO incide sostanzialmente nel settore della produzione e della somministrazione\u00a0agroalimentare che, mantenendo fede alle stime nazionali prodotte da Forbes, pur nell\u2019incertezza determinata dalla pandemia in atto, stima un incremento di circa 4.5 punti percentuali del settore economico in esame. Si tratta di lavorare &hellip;<\/p>\n","protected":false},"author":1,"featured_media":0,"parent":0,"menu_order":0,"comment_status":"closed","ping_status":"closed","template":"","meta":{"_uf_show_specific_survey":0,"_uf_disable_surveys":false},"_links":{"self":[{"href":"https:\/\/www.associazionesara.it\/index.php\/wp-json\/wp\/v2\/pages\/1597"}],"collection":[{"href":"https:\/\/www.associazionesara.it\/index.php\/wp-json\/wp\/v2\/pages"}],"about":[{"href":"https:\/\/www.associazionesara.it\/index.php\/wp-json\/wp\/v2\/types\/page"}],"author":[{"embeddable":true,"href":"https:\/\/www.associazionesara.it\/index.php\/wp-json\/wp\/v2\/users\/1"}],"replies":[{"embeddable":true,"href":"https:\/\/www.associazionesara.it\/index.php\/wp-json\/wp\/v2\/comments?post=1597"}],"version-history":[{"count":49,"href":"https:\/\/www.associazionesara.it\/index.php\/wp-json\/wp\/v2\/pages\/1597\/revisions"}],"predecessor-version":[{"id":2572,"href":"https:\/\/www.associazionesara.it\/index.php\/wp-json\/wp\/v2\/pages\/1597\/revisions\/2572"}],"wp:attachment":[{"href":"https:\/\/www.associazionesara.it\/index.php\/wp-json\/wp\/v2\/media?parent=1597"}],"curies":[{"name":"wp","href":"https:\/\/api.w.org\/{rel}","templated":true}]}}